{"id":133,"date":"2019-09-06T11:47:36","date_gmt":"2019-09-06T11:47:36","guid":{"rendered":"http:\/\/www.aesthetik-team-oldenburg.de\/?page_id=133"},"modified":"2025-12-19T06:40:35","modified_gmt":"2025-12-19T06:40:35","slug":"facelifting","status":"publish","type":"page","link":"https:\/\/www.aesthetik-team-oldenburg.de\/index.php\/facelifting\/","title":{"rendered":"Facelifting"},"content":{"rendered":"<div class=\"wpb-content-wrapper\"><p>[vc_row padding_top=&#8220;0&#8243; padding_bottom=&#8220;0&#8243;][vc_column][vc_column_text]<\/p>\n<h1>Facelifting<\/h1>\n<p><strong>Wenn ein starkes Faltenbild und erschlafftes Gewebe im Gesicht und am Hals Ihr Lebensgef\u00fchl beeintr\u00e4chtigt, \u2026 <\/strong><\/p>\n<p>\u2026 wenn bei Ihnen der nat\u00fcrliche Alterungsprozess besonders stark ausgepr\u00e4gt ist, oder wenn dieser von Ihnen subjektiv als sehr st\u00f6rend empfunden wird, kann eine Hals- und Gesichtsstraffung f\u00fcr Sie sinnvoll sein.<\/p>\n<h2>Behandlungsablauf Facelifting<\/h2>\n<h3><\/h3>\n<p>[\/vc_column_text][vc_tta_accordion active_section=&#8220;0&#8243; collapsible_all=&#8220;true&#8220;][vc_tta_section title=&#8220;Was passiert bei einem Facelifting?&#8220; tab_id=&#8220;1547738303020-687e113f-ca0c&#8220;][vc_column_text]Ein \u201cStandard\u201d Facelifting gibt es nicht! Man unterscheidet Stirnlifting, Wangenlifting und Halslifting. Das Prinzip ist jedoch bei allen Liftings gleich: Haut und oberfl\u00e4chliche Muskulatur werden abgel\u00f6st und gestrafft. \u00dcbersch\u00fcssige Haut wird entfernt.<\/p>\n<p>Bei der Halsstraffung wird meistens zus\u00e4tzlich Fett abgesaugt und die erschlaffte Hautmuskulatur wird gerafft.<\/p>\n<p>Eine Kombination mit einer Lidstraffung ist m\u00f6glich.[\/vc_column_text][\/vc_tta_section][vc_tta_section title=&#8220;Wie ist der Verlauf nach einer Hals- und\/oder Gesichtsstraffung?&#8220; tab_id=&#8220;1547738303021-58356d79-c792&#8243;][vc_column_text]Wir f\u00fchren Faceliftings mit neuesten Operationstechniken (Endoskopie, Infiltration von Tumeszenzl\u00f6sung) durch. Dadurch verk\u00fcrzt\u00a0 sich die Zeitspanne, bis Sie nach einem Facelifting wieder pr\u00e4sentabel ist.<\/p>\n<p>In der Regel versp\u00fcren Sie rund um die OP kaum oder wenig Schmerzen.\u00a0 Sie erhalten einen Kompressionsverband bis zum Tag nach der Operation, danach ist kein \u00e4u\u00dferer Verband mehr n\u00f6tig. M\u00f6gliche Saugdrainagen liegen bis zum Folgetag. Schwellungen und Bluterg\u00fcsse klingen in der Regel innerhalb von zehn Tagen ab.[\/vc_column_text][\/vc_tta_section][vc_tta_section title=&#8220;Ambulant oder station\u00e4r?&#8220; tab_id=&#8220;1547738383772-d1197d0c-da6d&#8220;][vc_column_text]Ein komplettes Hals-Wangenlifting erfolgt mit einer \u00dcbernachtung in unserer Praxis. Bei begrenztem Eingriff (Mini-Lifting) ist bei entsprechendem Befund eine ambulante Operation m\u00f6glich.[\/vc_column_text][\/vc_tta_section][vc_tta_section title=&#8220;Risiken und Komplikationen?&#8220; tab_id=&#8220;1547738410225-90a32611-f892&#8243;][vc_column_text]<\/p>\n<ul>\n<li>Minderung des Gef\u00fchls im Bereich Ohren und Stirn (nach Stirnlifting)<\/li>\n<li>Vereinzelt Haarausfall im Bereich der Schl\u00e4fen<\/li>\n<li>Wundheilungsst\u00f6rung (fast nur bei starken Rauchern!)<\/li>\n<li>Sch\u00e4digung von Gesichtsnerven (sehr selten, fast immer reversibel)<\/li>\n<\/ul>\n<p>[\/vc_column_text][\/vc_tta_section][\/vc_tta_accordion][\/vc_column][\/vc_row][vc_row][vc_column width=&#8220;1\/2&#8243;]<div class=\"grve-element grve-box-icon grve-align-left grve-small grve-animated-item grve-fadeInRight\" style=\"\" data-delay=\"600\">  <div class=\"grve-wrapper-icon grve-no-shape grve-text-grey\"><i class=\"smp-icon-info grve-text-primary-1\"><\/i><\/div>  <div class=\"grve-box-content\">      <h3 class=\"grve-box-title grve-h3\">PRESTO-Facelift erh\u00e4lt Ihren individuellen Gesichtsausdruck<\/h3>    <p class=\"\">Dank der PRESTO-Technik (Preserving of the retaining ligaments and SMAS-Tethering) sind unnat\u00fcrliche Ver\u00e4nderungen und maskenhafte Effekte auch bei einem vollen Facelift nicht mehr zu bef\u00fcrchten! Die moderne, minimal-invasive Methode respektiert die nat\u00fcrliche Struktur des Gesichts und erm\u00f6glicht eine sanfte Straffung von Haut und Gewebe, ohne dass der charakteristische Gesichtsausdruck verlorengeht. Wichtige Halteb\u00e4nder und Gewebepositionen bleiben w\u00e4hrend des OP-Vorgangs weitgehend erhalten. Die nat\u00fcrliche Gesichts\u00e4sthetik und -identit\u00e4t kann bestehen bleiben! Daraus resultiert nach der erforderlichen Heilungszeit ein sehr nat\u00fcrlich vitalisiertes, harmonischeres Aussehen. Die Patienten sehen nach wie vor ganz wie sie selbst aus \u2013 nur ein paar Jahre j\u00fcnger! Die Narben sind k\u00fcrzer als bei einem klassischen Facelift und verlaufen sehr diskret. Auch die Heilungszeit nach einem PRESTO-Lifting ist im Vergleich zu einem klassischen Facelift k\u00fcrzer. Schwellungen und Bluterg\u00fcsse sind nach dem Eingriff normal, klingen jedoch meist rasch ab. Bis zum vollst\u00e4ndig sichtbaren Ergebnis dauert es erfahrungsgem\u00e4\u00df ca. vier Wochen.<\/p>  <\/div><\/div>[\/vc_column][vc_column width=&#8220;1\/2&#8243;]<div class=\"grve-element grve-box-icon grve-align-left grve-small grve-animated-item grve-fadeInRight\" style=\"\" data-delay=\"600\">  <div class=\"grve-wrapper-icon grve-no-shape grve-text-grey\"><i class=\"smp-icon-info grve-text-primary-1\"><\/i><\/div>  <div class=\"grve-box-content\">      <h3 class=\"grve-box-title grve-h3\">Mini-Lifting<\/h3>    <p class=\"\">Verbl\u00fcffend erfrischt, ohne operiert auszusehen:\n\n\nBei einer ausgepr\u00e4gt h\u00e4ngenden Wangen- und Halspartie, wie sie z.B. nach starkem Gewichtsverlust oder durch eine angeborene Gewebeschw\u00e4che entsteht, kann ein Mini-Facelift, das durch einen erfahrenen Facharzt ausgef\u00fchrt wird, risikoarm Abhilfe schaffen.\u00a0Ziel ist ein harmonischer Gesamteindruck des Gesichtes.\u00a0W\u00e4hrend der ambulant durchf\u00fchrbaren OP wird \u00fcbersch\u00fcssige Haut und Fettgewebe entfernt und die Muskulatur sanft gestrafft. Die n\u00f6tigen kleinen Schnitte verlaufen in der Hautf\u00e4ltelung\u00a0 des Ohrs. Die resultierenden Narben sind sp\u00e4ter nahezu unsichtbar. Bereits nach wenigen Tagen sind Sie wieder gesellschaftsf\u00e4hig. Der Effekt ist ein verbl\u00fcffend erfrischter Gesamteindruck, ohne dass Sie operiert aussehen!<\/p>  <\/div><\/div>[\/vc_column][\/vc_row][vc_row][vc_column]<div class=\"grve-element grve-slogan grve-align-left\" style=\"\"><div class=\"grve-subtitle\">Weitere Leistungen<\/div><h2 class=\"grve-slogan-title grve-align-left grve-h2\"><span>Hautvitalisierung mit Eigenblut<span class=\"grve-title-line grve-bg-primary-1\" style=\"width: 50px;height: 2px;\"><\/span><\/span><\/h2>  <p class=\"\">Wenn Sie sich eine schnelle Versch\u00f6nerung und Stimulierung der Haut mit k\u00f6rpereigenem Material w\u00fcnschen, kann ein Plasmalifting die geeignete Methode f\u00fcr Sie sein. PRP bedeutet \u201ePl\u00e4ttchen reiches Plasma\u201c \/ englisch \u201ePlatelet-Rich-Plasma\u201c). Dieses schmerzarme und risikoarme Verfahren wird auch Vampirlifting oder Draculalifting genannt.<\/p><div class=\"grve-btn-wrapper\"><a href=\"https:\/\/www.aesthetik-team-oldenburg.de\/index.php\/prp-plasmalifting\/\" title=\"PRP Plasmalifting\" target=\"_blank\" class=\"grve-btn grve-btn-medium grve-square grve-bg-primary-1 grve-bg-hover-primary-2\"><span>Mehr Informationen<\/span><\/a><\/div><\/div>[\/vc_column][\/vc_row]<\/p>\n<\/div>","protected":false},"excerpt":{"rendered":"<p>[vc_row padding_top=&#8220;0&#8243; padding_bottom=&#8220;0&#8243;][vc_column][vc_column_text] Facelifting Wenn ein starkes Faltenbild und erschlafftes Gewebe im Gesicht und am Hals Ihr Lebensgef\u00fchl beeintr\u00e4chtigt, \u2026 \u2026 wenn bei Ihnen der nat\u00fcrliche Alterungsprozess besonders stark ausgepr\u00e4gt ist, oder wenn dieser von Ihnen subjektiv als sehr st\u00f6rend empfunden wird, kann eine Hals- und Gesichtsstraffung f\u00fcr Sie sinnvoll sein. Behandlungsablauf Facelifting [\/vc_column_text][vc_tta_accordion active_section=&#8220;0&#8243; [&hellip;]<\/p>\n","protected":false},"author":1,"featured_media":0,"parent":0,"menu_order":0,"comment_status":"closed","ping_status":"closed","template":"","meta":{"footnotes":""},"class_list":["post-133","page","type-page","status-publish","hentry"],"yoast_head":"<!-- This site is optimized with the Yoast SEO plugin v27.4 - https:\/\/yoast.com\/product\/yoast-seo-wordpress\/ -->\n<title>Facelifting - AESTHETIK TEAM OLDENBURG<\/title>\n<meta name=\"description\" content=\"Facelifting in Oldenburg. Hals- und Gesichtsstraffungen. Risikoarme Eingriffe. Erfahrene Fach\u00e4rzte. Ambulant durchf\u00fchrbare OPs.\" \/>\n<meta name=\"robots\" content=\"index, follow, max-snippet:-1, max-image-preview:large, max-video-preview:-1\" \/>\n<link rel=\"canonical\" href=\"https:\/\/www.aesthetik-team-oldenburg.de\/index.php\/facelifting\/\" \/>\n<meta property=\"og:locale\" content=\"de_DE\" \/>\n<meta property=\"og:type\" content=\"article\" \/>\n<meta property=\"og:title\" content=\"Facelifting - AESTHETIK TEAM OLDENBURG\" \/>\n<meta property=\"og:description\" content=\"Facelifting in Oldenburg. Hals- und Gesichtsstraffungen. Risikoarme Eingriffe. Erfahrene Fach\u00e4rzte. Ambulant durchf\u00fchrbare OPs.\" \/>\n<meta property=\"og:url\" content=\"https:\/\/www.aesthetik-team-oldenburg.de\/index.php\/facelifting\/\" \/>\n<meta property=\"og:site_name\" content=\"AESTHETIK TEAM OLDENBURG\" \/>\n<meta property=\"article:modified_time\" content=\"2025-12-19T06:40:35+00:00\" \/>\n<meta name=\"twitter:card\" content=\"summary_large_image\" \/>\n<meta name=\"twitter:label1\" content=\"Gesch\u00e4tzte Lesezeit\" \/>\n\t<meta name=\"twitter:data1\" content=\"4\u00a0Minuten\" \/>\n<script type=\"application\/ld+json\" class=\"yoast-schema-graph\">{\"@context\":\"https:\\\/\\\/schema.org\",\"@graph\":[{\"@type\":\"WebPage\",\"@id\":\"https:\\\/\\\/www.aesthetik-team-oldenburg.de\\\/index.php\\\/facelifting\\\/\",\"url\":\"https:\\\/\\\/www.aesthetik-team-oldenburg.de\\\/index.php\\\/facelifting\\\/\",\"name\":\"Facelifting - AESTHETIK TEAM OLDENBURG\",\"isPartOf\":{\"@id\":\"https:\\\/\\\/www.aesthetik-team-oldenburg.de\\\/#website\"},\"datePublished\":\"2019-09-06T11:47:36+00:00\",\"dateModified\":\"2025-12-19T06:40:35+00:00\",\"description\":\"Facelifting in Oldenburg. Hals- und Gesichtsstraffungen. Risikoarme Eingriffe. Erfahrene Fach\u00e4rzte. Ambulant durchf\u00fchrbare OPs.\",\"breadcrumb\":{\"@id\":\"https:\\\/\\\/www.aesthetik-team-oldenburg.de\\\/index.php\\\/facelifting\\\/#breadcrumb\"},\"inLanguage\":\"de\",\"potentialAction\":[{\"@type\":\"ReadAction\",\"target\":[\"https:\\\/\\\/www.aesthetik-team-oldenburg.de\\\/index.php\\\/facelifting\\\/\"]}]},{\"@type\":\"BreadcrumbList\",\"@id\":\"https:\\\/\\\/www.aesthetik-team-oldenburg.de\\\/index.php\\\/facelifting\\\/#breadcrumb\",\"itemListElement\":[{\"@type\":\"ListItem\",\"position\":1,\"name\":\"Home\",\"item\":\"https:\\\/\\\/www.aesthetik-team-oldenburg.de\\\/\"},{\"@type\":\"ListItem\",\"position\":2,\"name\":\"Facelifting\"}]},{\"@type\":\"WebSite\",\"@id\":\"https:\\\/\\\/www.aesthetik-team-oldenburg.de\\\/#website\",\"url\":\"https:\\\/\\\/www.aesthetik-team-oldenburg.de\\\/\",\"name\":\"AESTHETIK TEAM OLDENBURG\",\"description\":\"\u00c4STHETISCHE CHIRURIGE\",\"potentialAction\":[{\"@type\":\"SearchAction\",\"target\":{\"@type\":\"EntryPoint\",\"urlTemplate\":\"https:\\\/\\\/www.aesthetik-team-oldenburg.de\\\/?s={search_term_string}\"},\"query-input\":{\"@type\":\"PropertyValueSpecification\",\"valueRequired\":true,\"valueName\":\"search_term_string\"}}],\"inLanguage\":\"de\"}]}<\/script>\n<!-- \/ Yoast SEO plugin. -->","yoast_head_json":{"title":"Facelifting - AESTHETIK TEAM OLDENBURG","description":"Facelifting in Oldenburg. Hals- und Gesichtsstraffungen. Risikoarme Eingriffe. Erfahrene Fach\u00e4rzte. Ambulant durchf\u00fchrbare OPs.","robots":{"index":"index","follow":"follow","max-snippet":"max-snippet:-1","max-image-preview":"max-image-preview:large","max-video-preview":"max-video-preview:-1"},"canonical":"https:\/\/www.aesthetik-team-oldenburg.de\/index.php\/facelifting\/","og_locale":"de_DE","og_type":"article","og_title":"Facelifting - AESTHETIK TEAM OLDENBURG","og_description":"Facelifting in Oldenburg. Hals- und Gesichtsstraffungen. Risikoarme Eingriffe. Erfahrene Fach\u00e4rzte. Ambulant durchf\u00fchrbare OPs.","og_url":"https:\/\/www.aesthetik-team-oldenburg.de\/index.php\/facelifting\/","og_site_name":"AESTHETIK TEAM OLDENBURG","article_modified_time":"2025-12-19T06:40:35+00:00","twitter_card":"summary_large_image","twitter_misc":{"Gesch\u00e4tzte Lesezeit":"4\u00a0Minuten"},"schema":{"@context":"https:\/\/schema.org","@graph":[{"@type":"WebPage","@id":"https:\/\/www.aesthetik-team-oldenburg.de\/index.php\/facelifting\/","url":"https:\/\/www.aesthetik-team-oldenburg.de\/index.php\/facelifting\/","name":"Facelifting - AESTHETIK TEAM OLDENBURG","isPartOf":{"@id":"https:\/\/www.aesthetik-team-oldenburg.de\/#website"},"datePublished":"2019-09-06T11:47:36+00:00","dateModified":"2025-12-19T06:40:35+00:00","description":"Facelifting in Oldenburg. Hals- und Gesichtsstraffungen. Risikoarme Eingriffe. Erfahrene Fach\u00e4rzte. Ambulant durchf\u00fchrbare OPs.","breadcrumb":{"@id":"https:\/\/www.aesthetik-team-oldenburg.de\/index.php\/facelifting\/#breadcrumb"},"inLanguage":"de","potentialAction":[{"@type":"ReadAction","target":["https:\/\/www.aesthetik-team-oldenburg.de\/index.php\/facelifting\/"]}]},{"@type":"BreadcrumbList","@id":"https:\/\/www.aesthetik-team-oldenburg.de\/index.php\/facelifting\/#breadcrumb","itemListElement":[{"@type":"ListItem","position":1,"name":"Home","item":"https:\/\/www.aesthetik-team-oldenburg.de\/"},{"@type":"ListItem","position":2,"name":"Facelifting"}]},{"@type":"WebSite","@id":"https:\/\/www.aesthetik-team-oldenburg.de\/#website","url":"https:\/\/www.aesthetik-team-oldenburg.de\/","name":"AESTHETIK TEAM OLDENBURG","description":"\u00c4STHETISCHE CHIRURIGE","potentialAction":[{"@type":"SearchAction","target":{"@type":"EntryPoint","urlTemplate":"https:\/\/www.aesthetik-team-oldenburg.de\/?s={search_term_string}"},"query-input":{"@type":"PropertyValueSpecification","valueRequired":true,"valueName":"search_term_string"}}],"inLanguage":"de"}]}},"_links":{"self":[{"href":"https:\/\/www.aesthetik-team-oldenburg.de\/index.php\/wp-json\/wp\/v2\/pages\/133","targetHints":{"allow":["GET"]}}],"collection":[{"href":"https:\/\/www.aesthetik-team-oldenburg.de\/index.php\/wp-json\/wp\/v2\/pages"}],"about":[{"href":"https:\/\/www.aesthetik-team-oldenburg.de\/index.php\/wp-json\/wp\/v2\/types\/page"}],"author":[{"embeddable":true,"href":"https:\/\/www.aesthetik-team-oldenburg.de\/index.php\/wp-json\/wp\/v2\/users\/1"}],"replies":[{"embeddable":true,"href":"https:\/\/www.aesthetik-team-oldenburg.de\/index.php\/wp-json\/wp\/v2\/comments?post=133"}],"version-history":[{"count":13,"href":"https:\/\/www.aesthetik-team-oldenburg.de\/index.php\/wp-json\/wp\/v2\/pages\/133\/revisions"}],"predecessor-version":[{"id":825,"href":"https:\/\/www.aesthetik-team-oldenburg.de\/index.php\/wp-json\/wp\/v2\/pages\/133\/revisions\/825"}],"wp:attachment":[{"href":"https:\/\/www.aesthetik-team-oldenburg.de\/index.php\/wp-json\/wp\/v2\/media?parent=133"}],"curies":[{"name":"wp","href":"https:\/\/api.w.org\/{rel}","templated":true}]}}